{"id":22883,"date":"2015-06-12T00:00:00","date_gmt":"2015-06-12T00:00:00","guid":{"rendered":"https:\/\/www.bbs.unibo.it\/reunion-2015-program\/"},"modified":"2020-03-17T17:53:36","modified_gmt":"2020-03-17T16:53:36","slug":"reunion-2015-program","status":"publish","type":"page","link":"https:\/\/www.bbs.unibo.it\/en\/reunion-2015-presentation\/reunion-2015-program\/","title":{"rendered":"Program"},"content":{"rendered":"<div class=\"visible-xs-block visible-sm-block hidden-md col-md-12\">\n<div class=\"row\"><\/div>\n<\/div>\n<div class=\"col-md-12\">\n<div class=\"why-master-fulltime\">\n<div class=\"row\">\n<div class=\"col-sm-12 col-md-9\">\n<h2><strong class=\"title\">TAKING ITALIAN EXCELLENCE GLOBAL<\/strong><\/h2>\n<p>GRADUATION 2015 AND IX REUNION OF THE ALUMNI<\/p>\n<p><strong>FRIDAY, 3 JULY 2015 6 PM<\/strong><br \/>\n<strong>UNIVERSIT\u00c0 DI BOLOGNA <\/strong><br \/>\n<strong>AULA MAGNA SANTA LUCIA &#8211; VIA CASTIGLIONE 36 BOLOGNA (ITALY)<\/strong><\/p>\n<p style=\"padding-top: 25px;\"><strong class=\"title\">WELCOME<\/strong> <strong class=\"name\">Romano Prodi<\/strong> President of Collegio di Indirizzo, Bologna Business School <strong class=\"name\">Stefano Bonaccini<\/strong> President of the Emilia Romagna Region<strong class=\"name\">Alberto Vacchi<\/strong> President, Unindustria Bologna<strong class=\"name\">Max Bergami<\/strong>Dean, Bologna Business School<\/p>\n<p>&nbsp;<\/p>\n<p><strong class=\"title\">BEST STUDENT AND BEST TEACHER AWARDS<\/strong> <strong class=\"name\">Fabio Ancarani, Emanuele Bajo, Riccardo Fini, Sara Valentini<\/strong> Associate Deans, Bologna Business School<\/p>\n<p>&nbsp;<\/p>\n<p><strong class=\"title\">COMMENCEMENT SPEECH<\/strong> <strong class=\"subtitle\">Taking Italian Excellence Global<\/strong> <strong class=\"name\">Andrea Guerra<\/strong>Strategic Adviser to the Prime Minister<\/p>\n<p>&nbsp;<\/p>\n<p><strong class=\"title\">GRADUATION<\/strong> <strong class=\"name\">Ivano Dionigi<\/strong> Rector, Unibo and President, Bologna Business School<\/p>\n<p>&nbsp;<\/p>\n<p class=\"upper-line-break\"><strong>FRIDAY, JULY 3 8.30 PM<\/strong><br \/>\n<strong>GIARDINO DI VILLA GUASTAVILLANI<\/strong> <strong> &#8211; VIA DEGLI SCALINI 18 BOLOGNA (ITALY)<\/strong><\/p>\n<p><strong class=\"title\">DINNER PARTY<\/strong> Associazione <strong>Chef to Chef<\/strong><br \/>\nThe funds raised will be donated in scholarship to attend a Master\u2019s program of BBS<\/p>\n<p><strong class=\"title\">LIVE MUSIC<\/strong><strong class=\"title\">DJ SET<\/strong> <strong>Andrea Pontremoli<\/strong> DJ and CEO, Dallara Automobili<\/p>\n<p class=\"upper-line-break\"><strong>SATURDAY, JULY 4 2015 8.00 AM<\/strong><br \/>\n<strong>VILLA GUASTAVILLANI<\/strong> <strong> &#8211; VIA DEGLI SCALINI 18 BOLOGNA (ITALY)<\/strong><\/p>\n<p>&nbsp;<\/p>\n<p><strong class=\"title\">MANAGERIAL MEDITATIONS<\/strong> <strong class=\"name\">T\u00ecs \u00e0ristos b\u00ecos: the ideal life (or the ideal of life) according to the Classics and the Christians<\/strong>8.00 AM Sala del Ninfeo<br \/>\n<strong class=\"name\">Ivano Dionigi<\/strong> Magnifico Rettore, Unibo and President, Bologna Business School<\/p>\n<p>&nbsp;<\/p>\n<p><strong class=\"title\">BREAKFAST<\/strong> 9.00 AM Giardino Segreto<\/p>\n<p><strong class=\"title\">12 BUSINESS CHALLENGES TO TAKE ITALIAN EXCELLENCE GLOBAL<\/strong> 9.30 AM Giardino Segreto<br \/>\n9.45 AM &#8211; 4 Breakdown Groups Challenger, Discussant and Alumni<\/p>\n<p><!-- TABELLA --><br \/>\n<strong class=\"subtitle topic-subtitle\">Topic 1: Technology Innovation Challenges<\/strong><\/p>\n<div align=\"center\">\n<table border=\"0\" cellspacing=\"0\" cellpadding=\"0\">\n<tbody>\n<tr>\n<td colspan=\"2\" width=\"730\">\n<h3 class=\"challenge-title\">Can frontier innovation technology business energize organization advance?<\/h3>\n<\/td>\n<\/tr>\n<tr>\n<td class=\"challenger\" valign=\"top\" width=\"365\">\n<p class=\"subtitle\">Challenger<\/p>\n<\/td>\n<td class=\"discussant\" valign=\"top\" width=\"365\">\n<p class=\"subtitle\">Discussant<\/p>\n<\/td>\n<\/tr>\n<tr>\n<td class=\"challenger\" valign=\"top\" width=\"365\">\n<p class=\"person\"><strong>Grazia Di Salvia<\/strong> <span class=\"person-company\">General Manager, Itea SpA &#8211; Sofinter Group<\/span> <span class=\"person-role\">Alumna, EMBA XI<\/span><\/p>\n<\/td>\n<td class=\"discussant\" valign=\"top\" width=\"365\">\n<p class=\"person\"><strong>Riccardo Fini<\/strong> <span class=\"person-company\">Associate Professor of Innovation Management<\/span> <span class=\"person-role\">Associate Dean, BBS<\/span><\/p>\n<\/td>\n<\/tr>\n<tr>\n<td colspan=\"2\" width=\"730\">\n<h3 class=\"challenge-title\">The Electric Mobility challenge for Premium Motorcycles Manufacturers<\/h3>\n<\/td>\n<\/tr>\n<tr>\n<td class=\"challenger\" valign=\"top\" width=\"365\">\n<p class=\"subtitle\">Challenger<\/p>\n<\/td>\n<td class=\"discussant\" valign=\"top\" width=\"365\">\n<p class=\"subtitle\">Discussant<\/p>\n<\/td>\n<\/tr>\n<tr>\n<td class=\"challenger\" valign=\"top\" width=\"365\">\n<p class=\"person\"><strong>Roberto Can\u00e8<\/strong> <span class=\"person-company\">Electronics Systems Director, Ducati Motor Holding S.p.A.<\/span> <span class=\"person-role\">Alumnus, EMTIM V<\/span><\/p>\n<\/td>\n<td class=\"discussant\" valign=\"top\" width=\"365\">\n<p class=\"person\"><strong>Paolo Di Marco<\/strong> <span class=\"person-company\">Founder, PD FOR<\/span> <span class=\"person-role\">Director, General Management Program, BBS<\/span><\/p>\n<\/td>\n<\/tr>\n<tr>\n<td colspan=\"2\" width=\"730\">\n<h3 class=\"challenge-title\">Ict scenarios for Corporate Product Development<\/h3>\n<\/td>\n<\/tr>\n<tr>\n<td class=\"challenger\" valign=\"top\" width=\"365\">\n<p class=\"subtitle\">Challenger<\/p>\n<\/td>\n<td class=\"discussant\" valign=\"top\" width=\"365\">\n<p class=\"subtitle\">Discussant<\/p>\n<\/td>\n<\/tr>\n<tr>\n<td class=\"challenger\" valign=\"top\" width=\"365\">\n<p class=\"person\"><strong>Giorgio Montanari<\/strong> <span class=\"person-company\">Chief Information Officer, Beghelli<\/span> <span class=\"person-role\">Alumnus, EMBA XI<\/span><\/p>\n<\/td>\n<td class=\"discussant\" valign=\"top\" width=\"365\">\n<p class=\"person\"><strong>Alessandro Grandi<\/strong> <span class=\"person-company\">Professor of Management Engineering<\/span> <span class=\"person-role\">Director, Master in Management, BBS<\/span><\/p>\n<\/td>\n<\/tr>\n<\/tbody>\n<\/table>\n<p class=\"sketcher\"><strong>Sketcher:<\/strong> <span class=\"sketcher-name\">FEDERICA TABONE<\/span><\/p>\n<\/div>\n<p><strong class=\"subtitle topic-subtitle\">Topic 2: Global Operation &amp; Supply Chain Management<\/strong><\/p>\n<div align=\"center\">\n<table border=\"0\" cellspacing=\"0\" cellpadding=\"0\">\n<tbody>\n<tr>\n<td colspan=\"2\" width=\"730\">\n<h3 class=\"challenge-title\">Technological Excellence &amp; Quality Craftsmanship<\/h3>\n<\/td>\n<\/tr>\n<tr>\n<td class=\"challenger\" valign=\"top\" width=\"365\">\n<p class=\"subtitle\">Challenger<\/p>\n<\/td>\n<td class=\"discussant\" valign=\"top\" width=\"365\">\n<p class=\"subtitle\">Discussant<\/p>\n<\/td>\n<\/tr>\n<tr>\n<td class=\"challenger\" valign=\"top\" width=\"365\">\n<p class=\"person\"><strong>Andrea Costantini<\/strong> <span class=\"person-company\">Head of Production, Automobili Lamborghini<\/span> <span class=\"person-role\">Alumnus, EMBA VII<\/span><\/p>\n<\/td>\n<td class=\"discussant\" valign=\"top\" width=\"365\">\n<p class=\"person\"><strong>Paolo Barbieri <\/strong> <span class=\"person-company\">Assistant Professor of Management Engineering<\/span> <span class=\"person-role\">Faculty, BBS<\/span><\/p>\n<\/td>\n<\/tr>\n<tr>\n<td colspan=\"2\" width=\"730\">\n<h3 class=\"challenge-title\">The Control of complex and Global Supply Chains<\/h3>\n<\/td>\n<\/tr>\n<tr>\n<td class=\"challenger\" valign=\"top\" width=\"365\">\n<p class=\"subtitle\">Challenger<\/p>\n<\/td>\n<td class=\"discussant\" valign=\"top\" width=\"365\">\n<p class=\"subtitle\">Discussant<\/p>\n<\/td>\n<\/tr>\n<tr>\n<td class=\"challenger\" valign=\"top\" width=\"365\">\n<p class=\"person\"><strong>Stefano Rizzo<\/strong> <span class=\"person-company\">Global Sourcing Director, Comer Industries<\/span> <span class=\"person-role\">Alumnus, MBA Distance Learning IX<\/span><\/p>\n<\/td>\n<td class=\"discussant\" valign=\"top\" width=\"365\">\n<p class=\"person\"><strong>Davide Corradi<\/strong> <span class=\"person-company\">Partner, The Boston Consulting Group<\/span> <span class=\"person-role\">EMBA Executive Director, BBS<\/span><\/p>\n<\/td>\n<\/tr>\n<tr>\n<td colspan=\"2\" width=\"730\">\n<h3 class=\"challenge-title\">Logistic Distribution as a Competitive Leverage<\/h3>\n<\/td>\n<\/tr>\n<tr>\n<td class=\"challenger\" valign=\"top\" width=\"365\">\n<p class=\"subtitle\">Challenger<\/p>\n<\/td>\n<td class=\"discussant\" valign=\"top\" width=\"365\">\n<p class=\"subtitle\">Discussant<\/p>\n<\/td>\n<\/tr>\n<tr>\n<td class=\"challenger\" valign=\"top\" width=\"365\">\n<p class=\"person\"><strong>Pier Paolo Ori <\/strong> <span class=\"person-company\">Customer Service Manager Europe, Marazzi Group<\/span> <span class=\"person-role\">Alumnus, PMBA XVII<\/span><\/p>\n<\/td>\n<td class=\"discussant\" valign=\"top\" width=\"365\">\n<p class=\"person\"><strong>Andrea Zanoni<\/strong> <span class=\"person-company\">Professor of Management Engineering<\/span> <span class=\"person-role\">Senior Faculty, BBS<\/span><\/p>\n<\/td>\n<\/tr>\n<\/tbody>\n<\/table>\n<p class=\"sketcher\"><strong>Sketcher:<\/strong> <span class=\"sketcher-name\">MARCO SERRA<\/span><\/p>\n<\/div>\n<p><strong class=\"subtitle topic-subtitle\">Topic 3: Global Sales, Marketing, &amp; Customer Journey<\/strong><\/p>\n<div align=\"center\">\n<table border=\"0\" cellspacing=\"0\" cellpadding=\"0\">\n<tbody>\n<tr>\n<td colspan=\"2\" width=\"730\">\n<h3 class=\"challenge-title\">How to define the Ferrarelle brand positioning in US<\/h3>\n<\/td>\n<\/tr>\n<tr>\n<td class=\"challenger\" valign=\"top\" width=\"365\">\n<p class=\"subtitle\">Challenger<\/p>\n<\/td>\n<td class=\"discussant\" valign=\"top\" width=\"365\">\n<p class=\"subtitle\">Discussant<\/p>\n<\/td>\n<\/tr>\n<tr>\n<td class=\"challenger\" valign=\"top\" width=\"365\">\n<p class=\"person\"><strong>Maria Rosaria Tufo<\/strong> <span class=\"person-company\">Export Sales Manager at Ferrarelle SpA<\/span> <span class=\"person-role\">Alumna, Executive Master in Sales and Marketing I<\/span><\/p>\n<\/td>\n<td class=\"discussant\" valign=\"top\" width=\"365\">\n<p class=\"person\"><strong>Fabio Ancarani<\/strong> <span class=\"person-company\">Professor of Marketing<\/span> <span class=\"person-role\">Associate Dean and Executive Master S&amp;M, BBS<\/span><\/p>\n<\/td>\n<\/tr>\n<tr>\n<td colspan=\"2\" width=\"730\">\n<h3 class=\"challenge-title\">How to convert a digital fan base into an asset for a football club<\/h3>\n<\/td>\n<\/tr>\n<tr>\n<td class=\"challenger\" valign=\"top\" width=\"365\">\n<p class=\"subtitle\">Challenger<\/p>\n<\/td>\n<td class=\"discussant\" valign=\"top\" width=\"365\">\n<p class=\"subtitle\">Discussant<\/p>\n<\/td>\n<\/tr>\n<tr>\n<td class=\"challenger\" valign=\"top\" width=\"365\">\n<p class=\"person\"><strong>Federico Palomba<\/strong> <span class=\"person-company\">Head of Marketing, Digital &amp; Fan Relationship Mgmt, Juventus FC<\/span> <span class=\"person-role\">Alumnus, Master in Management and IT I<\/span><\/p>\n<\/td>\n<td class=\"discussant\" valign=\"top\" width=\"365\">\n<p class=\"person\"><strong>Elisa Montaguti<\/strong> <span class=\"person-company\">Associate Professor of Marketing<\/span> <span class=\"person-role\">Global MBA Director, BBS<\/span><\/p>\n<\/td>\n<\/tr>\n<tr>\n<td colspan=\"2\" width=\"730\">\n<h3 class=\"challenge-title\">ICT as a vital marketing tool: worldwide implementation of a cloud based solution<br \/>\nto support new process needs and business evolution.<\/h3>\n<\/td>\n<\/tr>\n<tr>\n<td class=\"challenger\" valign=\"top\" width=\"365\">\n<p class=\"subtitle\">Challenger<\/p>\n<\/td>\n<td class=\"discussant\" valign=\"top\" width=\"365\">\n<p class=\"subtitle\">Discussant<\/p>\n<\/td>\n<\/tr>\n<tr>\n<td class=\"challenger\" valign=\"top\" width=\"365\">\n<p class=\"person\"><strong>Roberta Rossi<\/strong> <span class=\"person-company\">ICT Process Manager, Maserati<\/span> <span class=\"person-role\">Alumna, Master on Line VII<\/span><\/p>\n<\/td>\n<td class=\"discussant\" valign=\"top\" width=\"365\">\n<p class=\"person\"><strong>Roberto Grandi<\/strong> <span class=\"person-company\">Professor of Communication Management<\/span> <span class=\"person-role\">Master in Marketing, Communication and New Media Director, BBS<\/span><\/p>\n<\/td>\n<\/tr>\n<\/tbody>\n<\/table>\n<p class=\"sketcher\"><strong>Sketcher:<\/strong> <span class=\"sketcher-name\">SARA SERAVALLE<\/span><\/p>\n<\/div>\n<p><strong class=\"subtitle topic-subtitle\">Topic 4: Global Business Model Generation<\/strong><\/p>\n<div align=\"center\">\n<table border=\"0\" cellspacing=\"0\" cellpadding=\"0\">\n<tbody>\n<tr>\n<td colspan=\"2\" width=\"730\">\n<h3 class=\"challenge-title\">Italian Food Goes Global<\/h3>\n<\/td>\n<\/tr>\n<tr>\n<td class=\"challenger\" valign=\"top\" width=\"365\">\n<p class=\"subtitle\">Challenger<\/p>\n<\/td>\n<td class=\"discussant\" valign=\"top\" width=\"365\">\n<p class=\"subtitle\">Discussant<\/p>\n<\/td>\n<\/tr>\n<tr>\n<td class=\"challenger\" valign=\"top\" width=\"365\">\n<p class=\"person\"><strong>Alessandro Bonfiglioli <\/strong> <span class=\"person-company\">General Manager, CAAB and FICO\/Eatalyworld Team<\/span> <span class=\"person-role\">Alumnus, Open Master I<\/span><\/p>\n<\/td>\n<td class=\"discussant\" valign=\"top\" width=\"365\">\n<p class=\"person\"><strong>Andrea Cinti Luciani<\/strong> <span class=\"person-company\">Consultant and Adjunct Professor<\/span> <span class=\"person-role\">MBA Part-time co-Director, BBS<\/span><\/p>\n<\/td>\n<\/tr>\n<tr>\n<td colspan=\"2\" width=\"730\">\n<h3 class=\"challenge-title\">Champagne effect: How to Enhance Luxury Customers\u2019 Online Experience<br \/>\nin an Omnichannel Environment<\/h3>\n<\/td>\n<\/tr>\n<tr>\n<td class=\"challenger\" valign=\"top\" width=\"365\">\n<p class=\"subtitle\">Challenger<\/p>\n<\/td>\n<td class=\"discussant\" valign=\"top\" width=\"365\">\n<p class=\"subtitle\">Discussant<\/p>\n<\/td>\n<\/tr>\n<tr>\n<td class=\"challenger\" valign=\"top\" width=\"365\">\n<p class=\"person\"><strong>Alessio Poggiolini<\/strong> <span class=\"person-company\">Digital Marketing Director, Yoox Group<\/span> <span class=\"person-role\">Alumnus, EMBA XII<\/span><\/p>\n<\/td>\n<td class=\"discussant\" valign=\"top\" width=\"365\">\n<p class=\"person\"><strong>Nicola Tomesani<\/strong> <span class=\"person-company\">Consultant and Adjunct Professor of Marketing<\/span> <span class=\"person-role\">MBA part-time (evening) Director, BBS<\/span><\/p>\n<\/td>\n<\/tr>\n<tr>\n<td colspan=\"2\" width=\"730\">\n<h3 class=\"challenge-title\">Iceteam 1927\u2019s progress from 2010 to 2015: how four different (and historically competing) brands have merged into a single force in Gelato Equipment industry<\/h3>\n<\/td>\n<\/tr>\n<tr>\n<td class=\"challenger\" valign=\"top\" width=\"365\">\n<p class=\"subtitle\">Challenger<\/p>\n<\/td>\n<td class=\"discussant\" valign=\"top\" width=\"365\">\n<p class=\"subtitle\">Discussant<\/p>\n<\/td>\n<\/tr>\n<tr>\n<td class=\"challenger\" valign=\"top\" width=\"365\">\n<p class=\"person\"><strong>Federico Tassi <\/strong> <span class=\"person-company\">Sales Director, ICETEAM 1927 (Carpigiani Group)<\/span> <span class=\"person-role\">Alumnus, MBA Distance Learning XII<\/span><\/p>\n<\/td>\n<td class=\"discussant\" valign=\"top\" width=\"365\">\n<p class=\"person\"><strong>Andrea Lipparini<\/strong> <span class=\"person-company\">Professor of Strategy<\/span> <span class=\"person-role\">EMBA Director, BBS<\/span><\/p>\n<\/td>\n<\/tr>\n<\/tbody>\n<\/table>\n<p class=\"sketcher\"><strong>Sketcher:<\/strong> <span class=\"sketcher-name\">MONICA DIARI<\/span><\/p>\n<\/div>\n<div align=\"center\">\n<table class=\"special-table\" border=\"0\" cellspacing=\"0\" cellpadding=\"0\">\n<tbody>\n<tr>\n<td colspan=\"2\" width=\"730\">\n<h3 class=\"challenge-title\">THE DEAN AND THE BBS ADVISORS\u2019 MENTORING CORNER FOR MBA CAREERS<\/h3>\n<p class=\"challenge-title\">9.45 AM Sala del Ninfeo (in English, restricted to Global MBAs)<\/p>\n<\/td>\n<\/tr>\n<tr>\n<td class=\"challenger\" valign=\"top\" width=\"365\">\n<p class=\"subtitle\">Challenger<\/p>\n<\/td>\n<td class=\"discussant\" valign=\"top\" width=\"365\">\n<p class=\"subtitle\">Discussant<\/p>\n<\/td>\n<\/tr>\n<tr>\n<td class=\"challenger\" valign=\"top\" width=\"365\">\n<p class=\"person\"><strong>Gabriel Sanchez Zinny<\/strong> <span class=\"person-company\">Partner, Egon Zehnder International<\/span> <span class=\"person-role\">International Advisory Board, BBS<\/span><\/p>\n<\/td>\n<td class=\"discussant\" valign=\"top\" width=\"365\">\n<p class=\"person\"><strong>Max Bergami<\/strong> <span class=\"person-company\">Professor of Organizational Behavior<\/span> <span class=\"person-role\">Dean, BBS<\/span><\/p>\n<\/td>\n<\/tr>\n<tr>\n<td class=\"challenger\" valign=\"top\" width=\"365\">\n<p class=\"person\"><strong>Eugenio Sidoli<\/strong> <span class=\"person-company\">CEO, Philip Morris International<\/span> <span class=\"person-role\">International Advisory Board, BBS<\/span><\/p>\n<\/td>\n<td class=\"discussant\" valign=\"top\" width=\"365\">\n<p class=\"person\"><strong>Jos\u00e8 de la Torre<\/strong> <span class=\"person-company\">Professor of Strategy and Dean Emeritus, FIU<\/span> <span class=\"person-role\">International Advisory Board, BBS<\/span><\/p>\n<\/td>\n<\/tr>\n<tr>\n<td class=\"challenger\" valign=\"top\" width=\"365\">\n<p class=\"person\"><strong>Andrea Pontremoli<\/strong> <span class=\"person-company\">CEO, Dallara Automobili<\/span> <span class=\"person-role\">International Advisory Board, BBS<\/span><\/p>\n<\/td>\n<td class=\"discussant\" valign=\"top\" width=\"365\">\n<p class=\"person\"><strong>Emanuele Bajo<\/strong> <span class=\"person-company\">Professor of Finance<\/span> <span class=\"person-role\">Associate Dean, BBS<\/span><\/p>\n<\/td>\n<\/tr>\n<\/tbody>\n<\/table>\n<p class=\"sketcher\"><strong>Sketcher:<\/strong> <span class=\"sketcher-name\">PIERPAOLO BARRESI<\/span><\/p>\n<\/div>\n<p><strong class=\"title topic-subtitle\">CHALLENGES SHARING<\/strong> 12.15 PM Sala del Ninfeo<br \/>\n<strong>Sara Valentini<\/strong> Associate Dean BBS<\/p>\n<p><strong class=\"title\">FAREWELL<\/strong> 1.00 PM Sala del Ninfeo<br \/>\n<strong>Max Bergami<\/strong><\/p>\n<p><strong class=\"title\">TAKING ITALIAN PIADINE GLOBAL<\/strong> 1.30 PM Giardino Segreto<\/p>\n<\/div>\n<\/div>\n<p><!-- End Prima scheda --><\/p>\n<\/div>\n<p><!-- END COL 12 --><\/p>\n<\/div>\n","protected":false},"excerpt":{"rendered":"<p>TAKING ITALIAN EXCELLENCE GLOBAL GRADUATION 2015 AND IX REUNION OF THE ALUMNI FRIDAY, 3 JULY 2015 6 PM UNIVERSIT\u00c0 DI BOLOGNA AULA MAGNA SANTA LUCIA &#8211; VIA CASTIGLIONE 36 BOLOGNA (ITALY) WELCOME Romano Prodi President of Collegio di Indirizzo, Bologna Business School Stefano Bonaccini President of the Emilia Romagna RegionAlberto Vacchi President, Unindustria BolognaMax BergamiDean, [&hellip;]<\/p>\n","protected":false},"author":2,"featured_media":0,"parent":33966,"menu_order":0,"comment_status":"closed","ping_status":"closed","template":"template-menu-destra.php","meta":{"_acf_changed":false,"footnotes":""},"class_list":["post-22883","page","type-page","status-publish","hentry"],"acf":[],"yoast_head":"<!-- This site is optimized with the Yoast SEO plugin v25.5 - https:\/\/yoast.com\/wordpress\/plugins\/seo\/ -->\n<title>Program | BBS<\/title>\n<meta name=\"description\" content=\"TAKING ITALIAN EXCELLENCE GLOBAL - GRADUATION 2015 AND IX REUNION OF THE ALUMNI.\" \/>\n<meta name=\"robots\" content=\"index, follow, max-snippet:-1, max-image-preview:large, max-video-preview:-1\" \/>\n<link rel=\"canonical\" href=\"https:\/\/www.bbs.unibo.it\/en\/reunion-2015-presentation\/reunion-2015-program\/\" \/>\n<meta property=\"og:locale\" content=\"en_US\" \/>\n<meta property=\"og:type\" content=\"article\" \/>\n<meta property=\"og:title\" content=\"Program | BBS\" \/>\n<meta property=\"og:description\" content=\"TAKING ITALIAN EXCELLENCE GLOBAL - GRADUATION 2015 AND IX REUNION OF THE ALUMNI.\" \/>\n<meta property=\"og:url\" content=\"https:\/\/www.bbs.unibo.it\/en\/reunion-2015-presentation\/reunion-2015-program\/\" \/>\n<meta property=\"og:site_name\" content=\"BBS\" \/>\n<meta property=\"article:publisher\" content=\"https:\/\/www.facebook.com\/BolognaBusinessSchool\/\" \/>\n<meta property=\"article:modified_time\" content=\"2020-03-17T16:53:36+00:00\" \/>\n<meta name=\"twitter:card\" content=\"summary_large_image\" \/>\n<meta name=\"twitter:label1\" content=\"Est. reading time\" \/>\n\t<meta name=\"twitter:data1\" content=\"4 minutes\" \/>\n<script type=\"application\/ld+json\" class=\"yoast-schema-graph\">{\"@context\":\"https:\/\/schema.org\",\"@graph\":[{\"@type\":\"WebPage\",\"@id\":\"https:\/\/www.bbs.unibo.it\/en\/reunion-2015-presentation\/reunion-2015-program\/\",\"url\":\"https:\/\/www.bbs.unibo.it\/en\/reunion-2015-presentation\/reunion-2015-program\/\",\"name\":\"Program | BBS\",\"isPartOf\":{\"@id\":\"https:\/\/www.bbs.unibo.it\/en\/#website\"},\"datePublished\":\"2015-06-12T00:00:00+00:00\",\"dateModified\":\"2020-03-17T16:53:36+00:00\",\"description\":\"TAKING ITALIAN EXCELLENCE GLOBAL - GRADUATION 2015 AND IX REUNION OF THE ALUMNI.\",\"breadcrumb\":{\"@id\":\"https:\/\/www.bbs.unibo.it\/en\/reunion-2015-presentation\/reunion-2015-program\/#breadcrumb\"},\"inLanguage\":\"en-US\",\"potentialAction\":[{\"@type\":\"ReadAction\",\"target\":[\"https:\/\/www.bbs.unibo.it\/en\/reunion-2015-presentation\/reunion-2015-program\/\"]}]},{\"@type\":\"BreadcrumbList\",\"@id\":\"https:\/\/www.bbs.unibo.it\/en\/reunion-2015-presentation\/reunion-2015-program\/#breadcrumb\",\"itemListElement\":[{\"@type\":\"ListItem\",\"position\":1,\"name\":\"Home\",\"item\":\"https:\/\/www.bbs.unibo.it\/en\/\"},{\"@type\":\"ListItem\",\"position\":2,\"name\":\"Graduation &#038; Reunion 2015\",\"item\":\"https:\/\/www.bbs.unibo.it\/en\/reunion-2015-presentation\/\"},{\"@type\":\"ListItem\",\"position\":3,\"name\":\"Program\"}]},{\"@type\":\"WebSite\",\"@id\":\"https:\/\/www.bbs.unibo.it\/en\/#website\",\"url\":\"https:\/\/www.bbs.unibo.it\/en\/\",\"name\":\"BBS\",\"description\":\"\",\"potentialAction\":[{\"@type\":\"SearchAction\",\"target\":{\"@type\":\"EntryPoint\",\"urlTemplate\":\"https:\/\/www.bbs.unibo.it\/en\/?s={search_term_string}\"},\"query-input\":{\"@type\":\"PropertyValueSpecification\",\"valueRequired\":true,\"valueName\":\"search_term_string\"}}],\"inLanguage\":\"en-US\"}]}<\/script>\n<!-- \/ Yoast SEO plugin. -->","yoast_head_json":{"title":"Program | BBS","description":"TAKING ITALIAN EXCELLENCE GLOBAL - GRADUATION 2015 AND IX REUNION OF THE ALUMNI.","robots":{"index":"index","follow":"follow","max-snippet":"max-snippet:-1","max-image-preview":"max-image-preview:large","max-video-preview":"max-video-preview:-1"},"canonical":"https:\/\/www.bbs.unibo.it\/en\/reunion-2015-presentation\/reunion-2015-program\/","og_locale":"en_US","og_type":"article","og_title":"Program | BBS","og_description":"TAKING ITALIAN EXCELLENCE GLOBAL - GRADUATION 2015 AND IX REUNION OF THE ALUMNI.","og_url":"https:\/\/www.bbs.unibo.it\/en\/reunion-2015-presentation\/reunion-2015-program\/","og_site_name":"BBS","article_publisher":"https:\/\/www.facebook.com\/BolognaBusinessSchool\/","article_modified_time":"2020-03-17T16:53:36+00:00","twitter_card":"summary_large_image","twitter_misc":{"Est. reading time":"4 minutes"},"schema":{"@context":"https:\/\/schema.org","@graph":[{"@type":"WebPage","@id":"https:\/\/www.bbs.unibo.it\/en\/reunion-2015-presentation\/reunion-2015-program\/","url":"https:\/\/www.bbs.unibo.it\/en\/reunion-2015-presentation\/reunion-2015-program\/","name":"Program | BBS","isPartOf":{"@id":"https:\/\/www.bbs.unibo.it\/en\/#website"},"datePublished":"2015-06-12T00:00:00+00:00","dateModified":"2020-03-17T16:53:36+00:00","description":"TAKING ITALIAN EXCELLENCE GLOBAL - GRADUATION 2015 AND IX REUNION OF THE ALUMNI.","breadcrumb":{"@id":"https:\/\/www.bbs.unibo.it\/en\/reunion-2015-presentation\/reunion-2015-program\/#breadcrumb"},"inLanguage":"en-US","potentialAction":[{"@type":"ReadAction","target":["https:\/\/www.bbs.unibo.it\/en\/reunion-2015-presentation\/reunion-2015-program\/"]}]},{"@type":"BreadcrumbList","@id":"https:\/\/www.bbs.unibo.it\/en\/reunion-2015-presentation\/reunion-2015-program\/#breadcrumb","itemListElement":[{"@type":"ListItem","position":1,"name":"Home","item":"https:\/\/www.bbs.unibo.it\/en\/"},{"@type":"ListItem","position":2,"name":"Graduation &#038; Reunion 2015","item":"https:\/\/www.bbs.unibo.it\/en\/reunion-2015-presentation\/"},{"@type":"ListItem","position":3,"name":"Program"}]},{"@type":"WebSite","@id":"https:\/\/www.bbs.unibo.it\/en\/#website","url":"https:\/\/www.bbs.unibo.it\/en\/","name":"BBS","description":"","potentialAction":[{"@type":"SearchAction","target":{"@type":"EntryPoint","urlTemplate":"https:\/\/www.bbs.unibo.it\/en\/?s={search_term_string}"},"query-input":{"@type":"PropertyValueSpecification","valueRequired":true,"valueName":"search_term_string"}}],"inLanguage":"en-US"}]}},"_links":{"self":[{"href":"https:\/\/www.bbs.unibo.it\/en\/wp-json\/wp\/v2\/pages\/22883","targetHints":{"allow":["GET"]}}],"collection":[{"href":"https:\/\/www.bbs.unibo.it\/en\/wp-json\/wp\/v2\/pages"}],"about":[{"href":"https:\/\/www.bbs.unibo.it\/en\/wp-json\/wp\/v2\/types\/page"}],"author":[{"embeddable":true,"href":"https:\/\/www.bbs.unibo.it\/en\/wp-json\/wp\/v2\/users\/2"}],"replies":[{"embeddable":true,"href":"https:\/\/www.bbs.unibo.it\/en\/wp-json\/wp\/v2\/comments?post=22883"}],"version-history":[{"count":3,"href":"https:\/\/www.bbs.unibo.it\/en\/wp-json\/wp\/v2\/pages\/22883\/revisions"}],"predecessor-version":[{"id":38507,"href":"https:\/\/www.bbs.unibo.it\/en\/wp-json\/wp\/v2\/pages\/22883\/revisions\/38507"}],"up":[{"embeddable":true,"href":"https:\/\/www.bbs.unibo.it\/en\/wp-json\/wp\/v2\/pages\/33966"}],"wp:attachment":[{"href":"https:\/\/www.bbs.unibo.it\/en\/wp-json\/wp\/v2\/media?parent=22883"}],"curies":[{"name":"wp","href":"https:\/\/api.w.org\/{rel}","templated":true}]}}